{"id":9296,"date":"2023-05-11T11:02:53","date_gmt":"2023-05-11T09:02:53","guid":{"rendered":"https:\/\/www.laurenceesnolgallery.com\/?page_id=9296"},"modified":"2023-10-19T11:56:34","modified_gmt":"2023-10-19T09:56:34","slug":"sculptures","status":"publish","type":"page","link":"https:\/\/www.laurenceesnolgallery.com\/en\/artists\/jeanne-isabelle-corniere\/sculptures\/","title":{"rendered":"Jeanne Isabelle Corni\u00e8re Sculpture"},"content":{"rendered":"\t\t<div data-elementor-type=\"wp-page\" data-elementor-id=\"9296\" class=\"elementor elementor-9296 elementor-1816\" data-elementor-post-type=\"page\">\n\t\t\t\t\t\t<section class=\"elementor-section elementor-top-section elementor-element elementor-element-da3f7a1 elementor-section-boxed elementor-section-height-default elementor-section-height-default wpr-particle-no wpr-jarallax-no wpr-parallax-no wpr-sticky-section-no wpr-equal-height-no\" data-id=\"da3f7a1\" data-element_type=\"section\" data-e-type=\"section\">\n\t\t\t\t\t\t<div class=\"elementor-container elementor-column-gap-default\">\n\t\t\t\t\t<div class=\"elementor-column elementor-col-100 elementor-top-column elementor-element elementor-element-8ec8717\" data-id=\"8ec8717\" data-element_type=\"column\" data-e-type=\"column\">\n\t\t\t<div class=\"elementor-widget-wrap elementor-element-populated\">\n\t\t\t\t\t\t<div class=\"elementor-element elementor-element-fb350d5 elementor-widget-divider--view-line_text elementor-widget-divider--element-align-center elementor-widget elementor-widget-divider\" data-id=\"fb350d5\" data-element_type=\"widget\" data-e-type=\"widget\" data-widget_type=\"divider.default\">\n\t\t\t\t<div class=\"elementor-widget-container\">\n\t\t\t\t\t\t\t<div class=\"elementor-divider\">\n\t\t\t<span class=\"elementor-divider-separator\">\n\t\t\t\t\t\t\t<span class=\"elementor-divider__text elementor-divider__element\">\n\t\t\t\tSculptures\t\t\t\t<\/span>\n\t\t\t\t\t\t<\/span>\n\t\t<\/div>\n\t\t\t\t\t\t<\/div>\n\t\t\t\t<\/div>\n\t\t\t\t\t<\/div>\n\t\t<\/div>\n\t\t\t\t\t<\/div>\n\t\t<\/section>\n\t\t\t\t<section class=\"elementor-section elementor-top-section elementor-element elementor-element-0a25e53 elementor-section-boxed elementor-section-height-default elementor-section-height-default wpr-particle-no wpr-jarallax-no wpr-parallax-no wpr-sticky-section-no wpr-equal-height-no\" data-id=\"0a25e53\" data-element_type=\"section\" data-e-type=\"section\">\n\t\t\t\t\t\t<div class=\"elementor-container elementor-column-gap-default\">\n\t\t\t\t\t<div class=\"elementor-column elementor-col-100 elementor-top-column elementor-element elementor-element-c86f675\" data-id=\"c86f675\" data-element_type=\"column\" data-e-type=\"column\">\n\t\t\t<div class=\"elementor-widget-wrap elementor-element-populated\">\n\t\t\t\t\t\t<div class=\"elementor-element elementor-element-b064720 elementor-widget elementor-widget-gallery\" data-id=\"b064720\" data-element_type=\"widget\" data-e-type=\"widget\" data-settings=\"{&quot;gallery_layout&quot;:&quot;masonry&quot;,&quot;gap&quot;:{&quot;unit&quot;:&quot;px&quot;,&quot;size&quot;:42,&quot;sizes&quot;:[]},&quot;columns&quot;:3,&quot;columns_tablet&quot;:3,&quot;columns_mobile&quot;:2,&quot;lazyload&quot;:&quot;yes&quot;,&quot;gap_tablet&quot;:{&quot;unit&quot;:&quot;px&quot;,&quot;size&quot;:10,&quot;sizes&quot;:[]},&quot;gap_mobile&quot;:{&quot;unit&quot;:&quot;px&quot;,&quot;size&quot;:10,&quot;sizes&quot;:[]},&quot;link_to&quot;:&quot;file&quot;,&quot;overlay_background&quot;:&quot;yes&quot;,&quot;content_hover_animation&quot;:&quot;fade-in&quot;}\" data-widget_type=\"gallery.default\">\n\t\t\t\t<div class=\"elementor-widget-container\">\n\t\t\t\t\t\t\t<div class=\"elementor-gallery__container\">\n\t\t\t\t\t\t\t<a class=\"e-gallery-item elementor-gallery-item elementor-animated-content\" href=\"https:\/\/www.laurenceesnolgallery.com\/wp-content\/uploads\/2023\/09\/Shy-Resin.png\" data-elementor-open-lightbox=\"yes\" data-elementor-lightbox-slideshow=\"b064720\" data-elementor-lightbox-title=\"Shy - 58x30x17cm - 2023 - R\u00e9sine avec patine color\u00e9e\" data-e-action-hash=\"#elementor-action%3Aaction%3Dlightbox%26settings%3DeyJpZCI6MzM3OSwidXJsIjoiaHR0cHM6XC9cL3d3dy5sYXVyZW5jZWVzbm9sZ2FsbGVyeS5jb21cL3dwLWNvbnRlbnRcL3VwbG9hZHNcLzIwMjNcLzA5XC9TaHktUmVzaW4ucG5nIiwic2xpZGVzaG93IjoiYjA2NDcyMCJ9\">\n\t\t\t\t\t<div class=\"e-gallery-image elementor-gallery-item__image\" data-thumbnail=\"https:\/\/www.laurenceesnolgallery.com\/wp-content\/uploads\/2023\/09\/Shy-Resin.png\" data-width=\"1017\" data-height=\"1347\" aria-label=\"\" role=\"img\" ><\/div>\n\t\t\t\t\t\t\t\t\t\t\t<div class=\"elementor-gallery-item__overlay\"><\/div>\n\t\t\t\t\t\t\t\t\t\t\t\t\t\t<\/a>\n\t\t\t\t\t\t\t<a class=\"e-gallery-item elementor-gallery-item elementor-animated-content\" href=\"https:\/\/www.laurenceesnolgallery.com\/wp-content\/uploads\/2023\/09\/Shy-07839-scaled-1.jpg\" data-elementor-open-lightbox=\"yes\" data-elementor-lightbox-slideshow=\"b064720\" data-elementor-lightbox-title=\"Shy - D\u00e9tail IV - 58x30x17cm - 2023 - R\u00e9sine avec patine color\u00e9e\" data-e-action-hash=\"#elementor-action%3Aaction%3Dlightbox%26settings%3DeyJpZCI6MzM3OCwidXJsIjoiaHR0cHM6XC9cL3d3dy5sYXVyZW5jZWVzbm9sZ2FsbGVyeS5jb21cL3dwLWNvbnRlbnRcL3VwbG9hZHNcLzIwMjNcLzA5XC9TaHktMDc4Mzktc2NhbGVkLTEuanBnIiwic2xpZGVzaG93IjoiYjA2NDcyMCJ9\">\n\t\t\t\t\t<div class=\"e-gallery-image elementor-gallery-item__image\" data-thumbnail=\"https:\/\/www.laurenceesnolgallery.com\/wp-content\/uploads\/2023\/09\/Shy-07839-scaled-1.jpg\" data-width=\"2560\" data-height=\"1981\" aria-label=\"\" role=\"img\" ><\/div>\n\t\t\t\t\t\t\t\t\t\t\t<div class=\"elementor-gallery-item__overlay\"><\/div>\n\t\t\t\t\t\t\t\t\t\t\t\t\t\t<\/a>\n\t\t\t\t\t\t\t<a class=\"e-gallery-item elementor-gallery-item elementor-animated-content\" href=\"https:\/\/www.laurenceesnolgallery.com\/wp-content\/uploads\/2023\/09\/Shy-07813-scaled-1.jpg\" data-elementor-open-lightbox=\"yes\" data-elementor-lightbox-slideshow=\"b064720\" data-elementor-lightbox-title=\"Shy - D\u00e9tail III - 58x30x17cm - 2023 - R\u00e9sine avec patine color\u00e9e\" data-e-action-hash=\"#elementor-action%3Aaction%3Dlightbox%26settings%3DeyJpZCI6MzM3NywidXJsIjoiaHR0cHM6XC9cL3d3dy5sYXVyZW5jZWVzbm9sZ2FsbGVyeS5jb21cL3dwLWNvbnRlbnRcL3VwbG9hZHNcLzIwMjNcLzA5XC9TaHktMDc4MTMtc2NhbGVkLTEuanBnIiwic2xpZGVzaG93IjoiYjA2NDcyMCJ9\">\n\t\t\t\t\t<div class=\"e-gallery-image elementor-gallery-item__image\" data-thumbnail=\"https:\/\/www.laurenceesnolgallery.com\/wp-content\/uploads\/2023\/09\/Shy-07813-scaled-1.jpg\" data-width=\"1708\" data-height=\"2560\" aria-label=\"\" role=\"img\" ><\/div>\n\t\t\t\t\t\t\t\t\t\t\t<div class=\"elementor-gallery-item__overlay\"><\/div>\n\t\t\t\t\t\t\t\t\t\t\t\t\t\t<\/a>\n\t\t\t\t\t\t\t<a class=\"e-gallery-item elementor-gallery-item elementor-animated-content\" href=\"https:\/\/www.laurenceesnolgallery.com\/wp-content\/uploads\/2023\/09\/Shy-07810-scaled-1.jpg\" data-elementor-open-lightbox=\"yes\" data-elementor-lightbox-slideshow=\"b064720\" data-elementor-lightbox-title=\"Shy - D\u00e9tail II - 58x30x17cm - 2023 - R\u00e9sine avec patine color\u00e9e\" data-e-action-hash=\"#elementor-action%3Aaction%3Dlightbox%26settings%3DeyJpZCI6MzM3NiwidXJsIjoiaHR0cHM6XC9cL3d3dy5sYXVyZW5jZWVzbm9sZ2FsbGVyeS5jb21cL3dwLWNvbnRlbnRcL3VwbG9hZHNcLzIwMjNcLzA5XC9TaHktMDc4MTAtc2NhbGVkLTEuanBnIiwic2xpZGVzaG93IjoiYjA2NDcyMCJ9\">\n\t\t\t\t\t<div class=\"e-gallery-image elementor-gallery-item__image\" data-thumbnail=\"https:\/\/www.laurenceesnolgallery.com\/wp-content\/uploads\/2023\/09\/Shy-07810-scaled-1.jpg\" data-width=\"1708\" data-height=\"2560\" aria-label=\"\" role=\"img\" ><\/div>\n\t\t\t\t\t\t\t\t\t\t\t<div class=\"elementor-gallery-item__overlay\"><\/div>\n\t\t\t\t\t\t\t\t\t\t\t\t\t\t<\/a>\n\t\t\t\t\t\t\t<a class=\"e-gallery-item elementor-gallery-item elementor-animated-content\" href=\"https:\/\/www.laurenceesnolgallery.com\/wp-content\/uploads\/2023\/09\/Shy-07799-scaled-1.jpg\" data-elementor-open-lightbox=\"yes\" data-elementor-lightbox-slideshow=\"b064720\" data-elementor-lightbox-title=\"Shy - D\u00e9tail I - 58x30x17cm - 2023 - R\u00e9sine avec patine color\u00e9e\" data-e-action-hash=\"#elementor-action%3Aaction%3Dlightbox%26settings%3DeyJpZCI6MzM3NSwidXJsIjoiaHR0cHM6XC9cL3d3dy5sYXVyZW5jZWVzbm9sZ2FsbGVyeS5jb21cL3dwLWNvbnRlbnRcL3VwbG9hZHNcLzIwMjNcLzA5XC9TaHktMDc3OTktc2NhbGVkLTEuanBnIiwic2xpZGVzaG93IjoiYjA2NDcyMCJ9\">\n\t\t\t\t\t<div class=\"e-gallery-image elementor-gallery-item__image\" data-thumbnail=\"https:\/\/www.laurenceesnolgallery.com\/wp-content\/uploads\/2023\/09\/Shy-07799-scaled-1.jpg\" data-width=\"1708\" data-height=\"2560\" aria-label=\"\" role=\"img\" ><\/div>\n\t\t\t\t\t\t\t\t\t\t\t<div class=\"elementor-gallery-item__overlay\"><\/div>\n\t\t\t\t\t\t\t\t\t\t\t\t\t\t<\/a>\n\t\t\t\t\t\t\t<a class=\"e-gallery-item elementor-gallery-item elementor-animated-content\" href=\"https:\/\/www.laurenceesnolgallery.com\/wp-content\/uploads\/2023\/09\/The-braid-la-treccia-.png\" data-elementor-open-lightbox=\"yes\" data-elementor-lightbox-slideshow=\"b064720\" data-elementor-lightbox-title=\"The braid - la treccia D\u00e9tails I - 65x26x19cm - 2023 - R\u00e9sine et verre\" data-e-action-hash=\"#elementor-action%3Aaction%3Dlightbox%26settings%3DeyJpZCI6MzM4MCwidXJsIjoiaHR0cHM6XC9cL3d3dy5sYXVyZW5jZWVzbm9sZ2FsbGVyeS5jb21cL3dwLWNvbnRlbnRcL3VwbG9hZHNcLzIwMjNcLzA5XC9UaGUtYnJhaWQtbGEtdHJlY2NpYS0ucG5nIiwic2xpZGVzaG93IjoiYjA2NDcyMCJ9\">\n\t\t\t\t\t<div class=\"e-gallery-image elementor-gallery-item__image\" data-thumbnail=\"https:\/\/www.laurenceesnolgallery.com\/wp-content\/uploads\/2023\/09\/The-braid-la-treccia-.png\" data-width=\"1345\" data-height=\"1348\" aria-label=\"\" role=\"img\" ><\/div>\n\t\t\t\t\t\t\t\t\t\t\t<div class=\"elementor-gallery-item__overlay\"><\/div>\n\t\t\t\t\t\t\t\t\t\t\t\t\t\t<\/a>\n\t\t\t\t\t\t\t<a class=\"e-gallery-item elementor-gallery-item elementor-animated-content\" href=\"https:\/\/www.laurenceesnolgallery.com\/wp-content\/uploads\/2023\/09\/Viola-07232-scaled-1.jpg\" data-elementor-open-lightbox=\"yes\" data-elementor-lightbox-slideshow=\"b064720\" data-elementor-lightbox-title=\"Viola - 35x40x16cm - 2023 - Terre cuite avec patine color\u00e9e - base en bois\" data-e-action-hash=\"#elementor-action%3Aaction%3Dlightbox%26settings%3DeyJpZCI6MzM4MSwidXJsIjoiaHR0cHM6XC9cL3d3dy5sYXVyZW5jZWVzbm9sZ2FsbGVyeS5jb21cL3dwLWNvbnRlbnRcL3VwbG9hZHNcLzIwMjNcLzA5XC9WaW9sYS0wNzIzMi1zY2FsZWQtMS5qcGciLCJzbGlkZXNob3ciOiJiMDY0NzIwIn0%3D\">\n\t\t\t\t\t<div class=\"e-gallery-image elementor-gallery-item__image\" data-thumbnail=\"https:\/\/www.laurenceesnolgallery.com\/wp-content\/uploads\/2023\/09\/Viola-07232-scaled-1.jpg\" data-width=\"2560\" data-height=\"1708\" aria-label=\"\" role=\"img\" ><\/div>\n\t\t\t\t\t\t\t\t\t\t\t<div class=\"elementor-gallery-item__overlay\"><\/div>\n\t\t\t\t\t\t\t\t\t\t\t\t\t\t<\/a>\n\t\t\t\t\t\t\t<a class=\"e-gallery-item elementor-gallery-item elementor-animated-content\" href=\"https:\/\/www.laurenceesnolgallery.com\/wp-content\/uploads\/2023\/09\/La-Treccia-0334-C-scaled-1.jpg\" data-elementor-open-lightbox=\"yes\" data-elementor-lightbox-slideshow=\"b064720\" data-elementor-lightbox-title=\"The braid - la treccia D\u00e9tails II - 65x26x19cm - 2023 - R\u00e9sine et verre\" data-e-action-hash=\"#elementor-action%3Aaction%3Dlightbox%26settings%3DeyJpZCI6MzM2OCwidXJsIjoiaHR0cHM6XC9cL3d3dy5sYXVyZW5jZWVzbm9sZ2FsbGVyeS5jb21cL3dwLWNvbnRlbnRcL3VwbG9hZHNcLzIwMjNcLzA5XC9MYS1UcmVjY2lhLTAzMzQtQy1zY2FsZWQtMS5qcGciLCJzbGlkZXNob3ciOiJiMDY0NzIwIn0%3D\">\n\t\t\t\t\t<div class=\"e-gallery-image elementor-gallery-item__image\" data-thumbnail=\"https:\/\/www.laurenceesnolgallery.com\/wp-content\/uploads\/2023\/09\/La-Treccia-0334-C-scaled-1.jpg\" data-width=\"1707\" data-height=\"2560\" aria-label=\"\" role=\"img\" ><\/div>\n\t\t\t\t\t\t\t\t\t\t\t<div class=\"elementor-gallery-item__overlay\"><\/div>\n\t\t\t\t\t\t\t\t\t\t\t\t\t\t<\/a>\n\t\t\t\t\t\t\t<a class=\"e-gallery-item elementor-gallery-item elementor-animated-content\" href=\"https:\/\/www.laurenceesnolgallery.com\/wp-content\/uploads\/2023\/09\/La-treccia-0326-C-scaled-1.jpg\" data-elementor-open-lightbox=\"yes\" data-elementor-lightbox-slideshow=\"b064720\" data-elementor-lightbox-title=\"The braid - la treccia - 65x26x19cm - 2023 - R\u00e9sine et verre\" data-e-action-hash=\"#elementor-action%3Aaction%3Dlightbox%26settings%3DeyJpZCI6MzM2NiwidXJsIjoiaHR0cHM6XC9cL3d3dy5sYXVyZW5jZWVzbm9sZ2FsbGVyeS5jb21cL3dwLWNvbnRlbnRcL3VwbG9hZHNcLzIwMjNcLzA5XC9MYS10cmVjY2lhLTAzMjYtQy1zY2FsZWQtMS5qcGciLCJzbGlkZXNob3ciOiJiMDY0NzIwIn0%3D\">\n\t\t\t\t\t<div class=\"e-gallery-image elementor-gallery-item__image\" data-thumbnail=\"https:\/\/www.laurenceesnolgallery.com\/wp-content\/uploads\/2023\/09\/La-treccia-0326-C-scaled-1.jpg\" data-width=\"1707\" data-height=\"2560\" aria-label=\"\" role=\"img\" ><\/div>\n\t\t\t\t\t\t\t\t\t\t\t<div class=\"elementor-gallery-item__overlay\"><\/div>\n\t\t\t\t\t\t\t\t\t\t\t\t\t\t<\/a>\n\t\t\t\t\t\t\t<a class=\"e-gallery-item elementor-gallery-item elementor-animated-content\" href=\"https:\/\/www.laurenceesnolgallery.com\/wp-content\/uploads\/2023\/04\/012-Les-Avions-0835-655x1000-1.jpg\" data-elementor-open-lightbox=\"yes\" data-elementor-lightbox-slideshow=\"b064720\" data-elementor-lightbox-title=\"Les Avions - 2021 - R\u00e9sine\" data-e-action-hash=\"#elementor-action%3Aaction%3Dlightbox%26settings%3DeyJpZCI6NTUyLCJ1cmwiOiJodHRwczpcL1wvd3d3LmxhdXJlbmNlZXNub2xnYWxsZXJ5LmNvbVwvd3AtY29udGVudFwvdXBsb2Fkc1wvMjAyM1wvMDRcLzAxMi1MZXMtQXZpb25zLTA4MzUtNjU1eDEwMDAtMS5qcGciLCJzbGlkZXNob3ciOiJiMDY0NzIwIn0%3D\">\n\t\t\t\t\t<div class=\"e-gallery-image elementor-gallery-item__image\" data-thumbnail=\"https:\/\/www.laurenceesnolgallery.com\/wp-content\/uploads\/2023\/04\/012-Les-Avions-0835-655x1000-1.jpg\" data-width=\"655\" data-height=\"1000\" aria-label=\"\" role=\"img\" ><\/div>\n\t\t\t\t\t\t\t\t\t\t\t<div class=\"elementor-gallery-item__overlay\"><\/div>\n\t\t\t\t\t\t\t\t\t\t\t\t\t\t<\/a>\n\t\t\t\t\t\t\t<a class=\"e-gallery-item elementor-gallery-item elementor-animated-content\" href=\"https:\/\/www.laurenceesnolgallery.com\/wp-content\/uploads\/2023\/04\/07-Le-Monde-2018-reCC81sine-bois-40x40x40-667x1000-1.jpg\" data-elementor-open-lightbox=\"yes\" data-elementor-lightbox-slideshow=\"b064720\" data-elementor-lightbox-title=\"Le Monde - 40x40x40cm - 2023 - R\u00e9sine et bois\" data-e-action-hash=\"#elementor-action%3Aaction%3Dlightbox%26settings%3DeyJpZCI6NTUxLCJ1cmwiOiJodHRwczpcL1wvd3d3LmxhdXJlbmNlZXNub2xnYWxsZXJ5LmNvbVwvd3AtY29udGVudFwvdXBsb2Fkc1wvMjAyM1wvMDRcLzA3LUxlLU1vbmRlLTIwMTgtcmVDQzgxc2luZS1ib2lzLTQweDQweDQwLTY2N3gxMDAwLTEuanBnIiwic2xpZGVzaG93IjoiYjA2NDcyMCJ9\">\n\t\t\t\t\t<div class=\"e-gallery-image elementor-gallery-item__image\" data-thumbnail=\"https:\/\/www.laurenceesnolgallery.com\/wp-content\/uploads\/2023\/04\/07-Le-Monde-2018-reCC81sine-bois-40x40x40-667x1000-1.jpg\" data-width=\"667\" data-height=\"1000\" aria-label=\"\" role=\"img\" ><\/div>\n\t\t\t\t\t\t\t\t\t\t\t<div class=\"elementor-gallery-item__overlay\"><\/div>\n\t\t\t\t\t\t\t\t\t\t\t\t\t\t<\/a>\n\t\t\t\t\t\t\t<a class=\"e-gallery-item elementor-gallery-item elementor-animated-content\" href=\"https:\/\/www.laurenceesnolgallery.com\/wp-content\/uploads\/2023\/04\/00-The-Swim-Cap-2000-2024-680x1000-1.jpg\" data-elementor-open-lightbox=\"yes\" data-elementor-lightbox-slideshow=\"b064720\" data-elementor-lightbox-title=\"The Swim-Cap - 60cm - 2021 - R\u00e9sine\" data-e-action-hash=\"#elementor-action%3Aaction%3Dlightbox%26settings%3DeyJpZCI6NTUwLCJ1cmwiOiJodHRwczpcL1wvd3d3LmxhdXJlbmNlZXNub2xnYWxsZXJ5LmNvbVwvd3AtY29udGVudFwvdXBsb2Fkc1wvMjAyM1wvMDRcLzAwLVRoZS1Td2ltLUNhcC0yMDAwLTIwMjQtNjgweDEwMDAtMS5qcGciLCJzbGlkZXNob3ciOiJiMDY0NzIwIn0%3D\">\n\t\t\t\t\t<div class=\"e-gallery-image elementor-gallery-item__image\" data-thumbnail=\"https:\/\/www.laurenceesnolgallery.com\/wp-content\/uploads\/2023\/04\/00-The-Swim-Cap-2000-2024-680x1000-1.jpg\" data-width=\"680\" data-height=\"1000\" aria-label=\"\" role=\"img\" ><\/div>\n\t\t\t\t\t\t\t\t\t\t\t<div class=\"elementor-gallery-item__overlay\"><\/div>\n\t\t\t\t\t\t\t\t\t\t\t\t\t\t<\/a>\n\t\t\t\t\t\t\t<a class=\"e-gallery-item elementor-gallery-item elementor-animated-content\" href=\"https:\/\/www.laurenceesnolgallery.com\/wp-content\/uploads\/2023\/09\/Le-Ballon-0141w.jpg\" data-elementor-open-lightbox=\"yes\" data-elementor-lightbox-slideshow=\"b064720\" data-elementor-lightbox-title=\"Le ballon - 47x13.5x13.5cm - 2023 - R\u00e9sine, verre souffl\u00e9 et laine sur base de bois\" data-e-action-hash=\"#elementor-action%3Aaction%3Dlightbox%26settings%3DeyJpZCI6MzM2OSwidXJsIjoiaHR0cHM6XC9cL3d3dy5sYXVyZW5jZWVzbm9sZ2FsbGVyeS5jb21cL3dwLWNvbnRlbnRcL3VwbG9hZHNcLzIwMjNcLzA5XC9MZS1CYWxsb24tMDE0MXcuanBnIiwic2xpZGVzaG93IjoiYjA2NDcyMCJ9\">\n\t\t\t\t\t<div class=\"e-gallery-image elementor-gallery-item__image\" data-thumbnail=\"https:\/\/www.laurenceesnolgallery.com\/wp-content\/uploads\/2023\/09\/Le-Ballon-0141w.jpg\" data-width=\"505\" data-height=\"900\" aria-label=\"\" role=\"img\" ><\/div>\n\t\t\t\t\t\t\t\t\t\t\t<div class=\"elementor-gallery-item__overlay\"><\/div>\n\t\t\t\t\t\t\t\t\t\t\t\t\t\t<\/a>\n\t\t\t\t\t\t\t<a class=\"e-gallery-item elementor-gallery-item elementor-animated-content\" href=\"https:\/\/www.laurenceesnolgallery.com\/wp-content\/uploads\/2023\/09\/2723-2.jpg\" data-elementor-open-lightbox=\"yes\" data-elementor-lightbox-slideshow=\"b064720\" data-elementor-lightbox-title=\"Le nuage - 90x28x28cm - 2018 - R\u00e9sine\" data-e-action-hash=\"#elementor-action%3Aaction%3Dlightbox%26settings%3DeyJpZCI6MzM2NCwidXJsIjoiaHR0cHM6XC9cL3d3dy5sYXVyZW5jZWVzbm9sZ2FsbGVyeS5jb21cL3dwLWNvbnRlbnRcL3VwbG9hZHNcLzIwMjNcLzA5XC8yNzIzLTIuanBnIiwic2xpZGVzaG93IjoiYjA2NDcyMCJ9\">\n\t\t\t\t\t<div class=\"e-gallery-image elementor-gallery-item__image\" data-thumbnail=\"https:\/\/www.laurenceesnolgallery.com\/wp-content\/uploads\/2023\/09\/2723-2.jpg\" data-width=\"488\" data-height=\"683\" aria-label=\"\" role=\"img\" ><\/div>\n\t\t\t\t\t\t\t\t\t\t\t<div class=\"elementor-gallery-item__overlay\"><\/div>\n\t\t\t\t\t\t\t\t\t\t\t\t\t\t<\/a>\n\t\t\t\t\t\t\t<a class=\"e-gallery-item elementor-gallery-item elementor-animated-content\" href=\"https:\/\/www.laurenceesnolgallery.com\/wp-content\/uploads\/2023\/04\/2191-3.jpg\" data-elementor-open-lightbox=\"yes\" data-elementor-lightbox-slideshow=\"b064720\" data-elementor-lightbox-title=\"Silence - 20x25x30cm - 2016 - Bronze\" data-e-action-hash=\"#elementor-action%3Aaction%3Dlightbox%26settings%3DeyJpZCI6NTUzLCJ1cmwiOiJodHRwczpcL1wvd3d3LmxhdXJlbmNlZXNub2xnYWxsZXJ5LmNvbVwvd3AtY29udGVudFwvdXBsb2Fkc1wvMjAyM1wvMDRcLzIxOTEtMy5qcGciLCJzbGlkZXNob3ciOiJiMDY0NzIwIn0%3D\">\n\t\t\t\t\t<div class=\"e-gallery-image elementor-gallery-item__image\" data-thumbnail=\"https:\/\/www.laurenceesnolgallery.com\/wp-content\/uploads\/2023\/04\/2191-3.jpg\" data-width=\"1024\" data-height=\"768\" aria-label=\"\" role=\"img\" ><\/div>\n\t\t\t\t\t\t\t\t\t\t\t<div class=\"elementor-gallery-item__overlay\"><\/div>\n\t\t\t\t\t\t\t\t\t\t\t\t\t\t<\/a>\n\t\t\t\t\t\t\t<a class=\"e-gallery-item elementor-gallery-item elementor-animated-content\" href=\"https:\/\/www.laurenceesnolgallery.com\/wp-content\/uploads\/2023\/09\/Papillon-9802w.jpg\" data-elementor-open-lightbox=\"yes\" data-elementor-lightbox-slideshow=\"b064720\" data-elementor-lightbox-title=\"Le Papillon D\u00e9tail - 78x41x32cm - 2017 - R\u00e9sine\" data-e-action-hash=\"#elementor-action%3Aaction%3Dlightbox%26settings%3DeyJpZCI6MzM3MiwidXJsIjoiaHR0cHM6XC9cL3d3dy5sYXVyZW5jZWVzbm9sZ2FsbGVyeS5jb21cL3dwLWNvbnRlbnRcL3VwbG9hZHNcLzIwMjNcLzA5XC9QYXBpbGxvbi05ODAydy5qcGciLCJzbGlkZXNob3ciOiJiMDY0NzIwIn0%3D\">\n\t\t\t\t\t<div class=\"e-gallery-image elementor-gallery-item__image\" data-thumbnail=\"https:\/\/www.laurenceesnolgallery.com\/wp-content\/uploads\/2023\/09\/Papillon-9802w.jpg\" data-width=\"1200\" data-height=\"800\" aria-label=\"\" role=\"img\" ><\/div>\n\t\t\t\t\t\t\t\t\t\t\t<div class=\"elementor-gallery-item__overlay\"><\/div>\n\t\t\t\t\t\t\t\t\t\t\t\t\t\t<\/a>\n\t\t\t\t\t\t\t<a class=\"e-gallery-item elementor-gallery-item elementor-animated-content\" href=\"https:\/\/www.laurenceesnolgallery.com\/wp-content\/uploads\/2023\/04\/12240449_10153729444989804_717429654098230235_o.jpg\" data-elementor-open-lightbox=\"yes\" data-elementor-lightbox-slideshow=\"b064720\" data-elementor-lightbox-title=\"La Cuffia #2 - 46x19x34cm - 2023 - R\u00e9sine\" data-e-action-hash=\"#elementor-action%3Aaction%3Dlightbox%26settings%3DeyJpZCI6NTU1LCJ1cmwiOiJodHRwczpcL1wvd3d3LmxhdXJlbmNlZXNub2xnYWxsZXJ5LmNvbVwvd3AtY29udGVudFwvdXBsb2Fkc1wvMjAyM1wvMDRcLzEyMjQwNDQ5XzEwMTUzNzI5NDQ0OTg5ODA0XzcxNzQyOTY1NDA5ODIzMDIzNV9vLmpwZyIsInNsaWRlc2hvdyI6ImIwNjQ3MjAifQ%3D%3D\">\n\t\t\t\t\t<div class=\"e-gallery-image elementor-gallery-item__image\" data-thumbnail=\"https:\/\/www.laurenceesnolgallery.com\/wp-content\/uploads\/2023\/04\/12240449_10153729444989804_717429654098230235_o.jpg\" data-width=\"354\" data-height=\"634\" aria-label=\"\" role=\"img\" ><\/div>\n\t\t\t\t\t\t\t\t\t\t\t<div class=\"elementor-gallery-item__overlay\"><\/div>\n\t\t\t\t\t\t\t\t\t\t\t\t\t\t<\/a>\n\t\t\t\t\t\t\t<a class=\"e-gallery-item elementor-gallery-item elementor-animated-content\" href=\"https:\/\/www.laurenceesnolgallery.com\/wp-content\/uploads\/2023\/04\/Papillon-9752w.jpg\" data-elementor-open-lightbox=\"yes\" data-elementor-lightbox-slideshow=\"b064720\" data-elementor-lightbox-title=\"Le Papillon - 78x41x32cm - 2017 - R\u00e9sine\" data-e-action-hash=\"#elementor-action%3Aaction%3Dlightbox%26settings%3DeyJpZCI6NTU4LCJ1cmwiOiJodHRwczpcL1wvd3d3LmxhdXJlbmNlZXNub2xnYWxsZXJ5LmNvbVwvd3AtY29udGVudFwvdXBsb2Fkc1wvMjAyM1wvMDRcL1BhcGlsbG9uLTk3NTJ3LmpwZyIsInNsaWRlc2hvdyI6ImIwNjQ3MjAifQ%3D%3D\">\n\t\t\t\t\t<div class=\"e-gallery-image elementor-gallery-item__image\" data-thumbnail=\"https:\/\/www.laurenceesnolgallery.com\/wp-content\/uploads\/2023\/04\/Papillon-9752w.jpg\" data-width=\"600\" data-height=\"900\" aria-label=\"\" role=\"img\" ><\/div>\n\t\t\t\t\t\t\t\t\t\t\t<div class=\"elementor-gallery-item__overlay\"><\/div>\n\t\t\t\t\t\t\t\t\t\t\t\t\t\t<\/a>\n\t\t\t\t\t\t\t<a class=\"e-gallery-item elementor-gallery-item elementor-animated-content\" href=\"https:\/\/www.laurenceesnolgallery.com\/wp-content\/uploads\/2023\/09\/Le-Ballon-bronzo-0625w.jpg\" data-elementor-open-lightbox=\"yes\" data-elementor-lightbox-slideshow=\"b064720\" data-elementor-lightbox-title=\"Le Ballon - 47x13.5x13.5cm - 2023 - Bronze, verre souffl\u00e9 et laine sur base de bois\" data-e-action-hash=\"#elementor-action%3Aaction%3Dlightbox%26settings%3DeyJpZCI6MzM3MCwidXJsIjoiaHR0cHM6XC9cL3d3dy5sYXVyZW5jZWVzbm9sZ2FsbGVyeS5jb21cL3dwLWNvbnRlbnRcL3VwbG9hZHNcLzIwMjNcLzA5XC9MZS1CYWxsb24tYnJvbnpvLTA2MjV3LmpwZyIsInNsaWRlc2hvdyI6ImIwNjQ3MjAifQ%3D%3D\">\n\t\t\t\t\t<div class=\"e-gallery-image elementor-gallery-item__image\" data-thumbnail=\"https:\/\/www.laurenceesnolgallery.com\/wp-content\/uploads\/2023\/09\/Le-Ballon-bronzo-0625w.jpg\" data-width=\"439\" data-height=\"900\" aria-label=\"\" role=\"img\" ><\/div>\n\t\t\t\t\t\t\t\t\t\t\t<div class=\"elementor-gallery-item__overlay\"><\/div>\n\t\t\t\t\t\t\t\t\t\t\t\t\t\t<\/a>\n\t\t\t\t\t\t\t<a class=\"e-gallery-item elementor-gallery-item elementor-animated-content\" href=\"https:\/\/www.laurenceesnolgallery.com\/wp-content\/uploads\/2023\/04\/Ricordi-al-vento-4637w2.jpg\" data-elementor-open-lightbox=\"yes\" data-elementor-lightbox-slideshow=\"b064720\" data-elementor-lightbox-title=\"Ricordi al vento - 55x30x30cm - 2009 - R\u00e9sine et verre souffl\u00e9 sur base de bois de bois\" data-e-action-hash=\"#elementor-action%3Aaction%3Dlightbox%26settings%3DeyJpZCI6NTYxLCJ1cmwiOiJodHRwczpcL1wvd3d3LmxhdXJlbmNlZXNub2xnYWxsZXJ5LmNvbVwvd3AtY29udGVudFwvdXBsb2Fkc1wvMjAyM1wvMDRcL1JpY29yZGktYWwtdmVudG8tNDYzN3cyLmpwZyIsInNsaWRlc2hvdyI6ImIwNjQ3MjAifQ%3D%3D\">\n\t\t\t\t\t<div class=\"e-gallery-image elementor-gallery-item__image\" data-thumbnail=\"https:\/\/www.laurenceesnolgallery.com\/wp-content\/uploads\/2023\/04\/Ricordi-al-vento-4637w2.jpg\" data-width=\"533\" data-height=\"800\" aria-label=\"\" role=\"img\" ><\/div>\n\t\t\t\t\t\t\t\t\t\t\t<div class=\"elementor-gallery-item__overlay\"><\/div>\n\t\t\t\t\t\t\t\t\t\t\t\t\t\t<\/a>\n\t\t\t\t\t\t\t<a class=\"e-gallery-item elementor-gallery-item elementor-animated-content\" href=\"https:\/\/www.laurenceesnolgallery.com\/wp-content\/uploads\/2023\/04\/Reverie-w.jpg\" data-elementor-open-lightbox=\"yes\" data-elementor-lightbox-slideshow=\"b064720\" data-elementor-lightbox-title=\"R\u00eaverie - 80x30x20cm - 2016 - R\u00e9sine\" data-e-action-hash=\"#elementor-action%3Aaction%3Dlightbox%26settings%3DeyJpZCI6NTYwLCJ1cmwiOiJodHRwczpcL1wvd3d3LmxhdXJlbmNlZXNub2xnYWxsZXJ5LmNvbVwvd3AtY29udGVudFwvdXBsb2Fkc1wvMjAyM1wvMDRcL1JldmVyaWUtdy5qcGciLCJzbGlkZXNob3ciOiJiMDY0NzIwIn0%3D\">\n\t\t\t\t\t<div class=\"e-gallery-image elementor-gallery-item__image\" data-thumbnail=\"https:\/\/www.laurenceesnolgallery.com\/wp-content\/uploads\/2023\/04\/Reverie-w.jpg\" data-width=\"706\" data-height=\"900\" aria-label=\"\" role=\"img\" ><\/div>\n\t\t\t\t\t\t\t\t\t\t\t<div class=\"elementor-gallery-item__overlay\"><\/div>\n\t\t\t\t\t\t\t\t\t\t\t\t\t\t<\/a>\n\t\t\t\t\t<\/div>\n\t\t\t\t\t<\/div>\n\t\t\t\t<\/div>\n\t\t\t\t\t<\/div>\n\t\t<\/div>\n\t\t\t\t\t<\/div>\n\t\t<\/section>\n\t\t\t\t<\/div>\n\t\t","protected":false},"excerpt":{"rendered":"<p>Sculptures<\/p>\n","protected":false},"author":3,"featured_media":0,"parent":9285,"menu_order":0,"comment_status":"closed","ping_status":"closed","template":"","meta":{"_acf_changed":false,"footnotes":""},"class_list":["post-9296","page","type-page","status-publish","hentry"],"acf":[],"yoast_head":"<!-- This site is optimized with the Yoast SEO plugin v27.5 - https:\/\/yoast.com\/product\/yoast-seo-wordpress\/ -->\n<title>Jeanne Isabelle Corni\u00e8re Sculpture - Laurence Esnol Gallery | Paris, Saint Germain des Pr\u00e9s<\/title>\n<meta name=\"robots\" content=\"index, follow, max-snippet:-1, max-image-preview:large, max-video-preview:-1\" \/>\n<link rel=\"canonical\" href=\"https:\/\/www.laurenceesnolgallery.com\/en\/artists\/jeanne-isabelle-corniere\/sculptures\/\" \/>\n<meta property=\"og:locale\" content=\"en_US\" \/>\n<meta property=\"og:type\" content=\"article\" \/>\n<meta property=\"og:title\" content=\"Jeanne Isabelle Corni\u00e8re Sculpture - Laurence Esnol Gallery | Paris, Saint Germain des Pr\u00e9s\" \/>\n<meta property=\"og:description\" content=\"Sculptures\" \/>\n<meta property=\"og:url\" content=\"https:\/\/www.laurenceesnolgallery.com\/en\/artists\/jeanne-isabelle-corniere\/sculptures\/\" \/>\n<meta property=\"og:site_name\" content=\"Laurence Esnol Gallery | Paris, Saint Germain des Pr\u00e9s\" \/>\n<meta property=\"article:modified_time\" content=\"2023-10-19T09:56:34+00:00\" \/>\n<meta name=\"twitter:card\" content=\"summary_large_image\" \/>\n<meta name=\"twitter:label1\" content=\"Est. reading time\" \/>\n\t<meta name=\"twitter:data1\" content=\"1 minute\" \/>\n<script type=\"application\/ld+json\" class=\"yoast-schema-graph\">{\"@context\":\"https:\\\/\\\/schema.org\",\"@graph\":[{\"@type\":\"WebPage\",\"@id\":\"https:\\\/\\\/www.laurenceesnolgallery.com\\\/en\\\/artists\\\/jeanne-isabelle-corniere\\\/sculptures\\\/\",\"url\":\"https:\\\/\\\/www.laurenceesnolgallery.com\\\/en\\\/artists\\\/jeanne-isabelle-corniere\\\/sculptures\\\/\",\"name\":\"Jeanne Isabelle Corni\u00e8re Sculpture - Laurence Esnol Gallery | Paris, Saint Germain des Pr\u00e9s\",\"isPartOf\":{\"@id\":\"https:\\\/\\\/www.laurenceesnolgallery.com\\\/en\\\/#website\"},\"datePublished\":\"2023-05-11T09:02:53+00:00\",\"dateModified\":\"2023-10-19T09:56:34+00:00\",\"breadcrumb\":{\"@id\":\"https:\\\/\\\/www.laurenceesnolgallery.com\\\/en\\\/artists\\\/jeanne-isabelle-corniere\\\/sculptures\\\/#breadcrumb\"},\"inLanguage\":\"en-US\",\"potentialAction\":[{\"@type\":\"ReadAction\",\"target\":[\"https:\\\/\\\/www.laurenceesnolgallery.com\\\/en\\\/artists\\\/jeanne-isabelle-corniere\\\/sculptures\\\/\"]}]},{\"@type\":\"BreadcrumbList\",\"@id\":\"https:\\\/\\\/www.laurenceesnolgallery.com\\\/en\\\/artists\\\/jeanne-isabelle-corniere\\\/sculptures\\\/#breadcrumb\",\"itemListElement\":[{\"@type\":\"ListItem\",\"position\":1,\"name\":\"Home\",\"item\":\"https:\\\/\\\/www.laurenceesnolgallery.com\\\/en\\\/\"},{\"@type\":\"ListItem\",\"position\":2,\"name\":\"Artists\",\"item\":\"https:\\\/\\\/www.laurenceesnolgallery.com\\\/en\\\/artists\\\/\"},{\"@type\":\"ListItem\",\"position\":3,\"name\":\"Jeanne Isabelle Corni\u00e8re\",\"item\":\"https:\\\/\\\/www.laurenceesnolgallery.com\\\/en\\\/artistes\\\/jeanne-isabelle-corniere\\\/\"},{\"@type\":\"ListItem\",\"position\":4,\"name\":\"Jeanne Isabelle Corni\u00e8re Sculpture\"}]},{\"@type\":\"WebSite\",\"@id\":\"https:\\\/\\\/www.laurenceesnolgallery.com\\\/en\\\/#website\",\"url\":\"https:\\\/\\\/www.laurenceesnolgallery.com\\\/en\\\/\",\"name\":\"Laurence Esnol Gallery | Paris, Saint Germain des Pr\u00e9s\",\"description\":\"Gallerie d&#039;Art \u00e0 Paris\",\"potentialAction\":[{\"@type\":\"SearchAction\",\"target\":{\"@type\":\"EntryPoint\",\"urlTemplate\":\"https:\\\/\\\/www.laurenceesnolgallery.com\\\/en\\\/?s={search_term_string}\"},\"query-input\":{\"@type\":\"PropertyValueSpecification\",\"valueRequired\":true,\"valueName\":\"search_term_string\"}}],\"inLanguage\":\"en-US\"}]}<\/script>\n<!-- \/ Yoast SEO plugin. -->","yoast_head_json":{"title":"Jeanne Isabelle Corni\u00e8re Sculpture - Laurence Esnol Gallery | Paris, Saint Germain des Pr\u00e9s","robots":{"index":"index","follow":"follow","max-snippet":"max-snippet:-1","max-image-preview":"max-image-preview:large","max-video-preview":"max-video-preview:-1"},"canonical":"https:\/\/www.laurenceesnolgallery.com\/en\/artists\/jeanne-isabelle-corniere\/sculptures\/","og_locale":"en_US","og_type":"article","og_title":"Jeanne Isabelle Corni\u00e8re Sculpture - Laurence Esnol Gallery | Paris, Saint Germain des Pr\u00e9s","og_description":"Sculptures","og_url":"https:\/\/www.laurenceesnolgallery.com\/en\/artists\/jeanne-isabelle-corniere\/sculptures\/","og_site_name":"Laurence Esnol Gallery | Paris, Saint Germain des Pr\u00e9s","article_modified_time":"2023-10-19T09:56:34+00:00","twitter_card":"summary_large_image","twitter_misc":{"Est. reading time":"1 minute"},"schema":{"@context":"https:\/\/schema.org","@graph":[{"@type":"WebPage","@id":"https:\/\/www.laurenceesnolgallery.com\/en\/artists\/jeanne-isabelle-corniere\/sculptures\/","url":"https:\/\/www.laurenceesnolgallery.com\/en\/artists\/jeanne-isabelle-corniere\/sculptures\/","name":"Jeanne Isabelle Corni\u00e8re Sculpture - Laurence Esnol Gallery | Paris, Saint Germain des Pr\u00e9s","isPartOf":{"@id":"https:\/\/www.laurenceesnolgallery.com\/en\/#website"},"datePublished":"2023-05-11T09:02:53+00:00","dateModified":"2023-10-19T09:56:34+00:00","breadcrumb":{"@id":"https:\/\/www.laurenceesnolgallery.com\/en\/artists\/jeanne-isabelle-corniere\/sculptures\/#breadcrumb"},"inLanguage":"en-US","potentialAction":[{"@type":"ReadAction","target":["https:\/\/www.laurenceesnolgallery.com\/en\/artists\/jeanne-isabelle-corniere\/sculptures\/"]}]},{"@type":"BreadcrumbList","@id":"https:\/\/www.laurenceesnolgallery.com\/en\/artists\/jeanne-isabelle-corniere\/sculptures\/#breadcrumb","itemListElement":[{"@type":"ListItem","position":1,"name":"Home","item":"https:\/\/www.laurenceesnolgallery.com\/en\/"},{"@type":"ListItem","position":2,"name":"Artists","item":"https:\/\/www.laurenceesnolgallery.com\/en\/artists\/"},{"@type":"ListItem","position":3,"name":"Jeanne Isabelle Corni\u00e8re","item":"https:\/\/www.laurenceesnolgallery.com\/en\/artistes\/jeanne-isabelle-corniere\/"},{"@type":"ListItem","position":4,"name":"Jeanne Isabelle Corni\u00e8re Sculpture"}]},{"@type":"WebSite","@id":"https:\/\/www.laurenceesnolgallery.com\/en\/#website","url":"https:\/\/www.laurenceesnolgallery.com\/en\/","name":"Laurence Esnol Gallery | Paris, Saint Germain des Pr\u00e9s","description":"Gallerie d&#039;Art \u00e0 Paris","potentialAction":[{"@type":"SearchAction","target":{"@type":"EntryPoint","urlTemplate":"https:\/\/www.laurenceesnolgallery.com\/en\/?s={search_term_string}"},"query-input":{"@type":"PropertyValueSpecification","valueRequired":true,"valueName":"search_term_string"}}],"inLanguage":"en-US"}]}},"_links":{"self":[{"href":"https:\/\/www.laurenceesnolgallery.com\/en\/wp-json\/wp\/v2\/pages\/9296","targetHints":{"allow":["GET"]}}],"collection":[{"href":"https:\/\/www.laurenceesnolgallery.com\/en\/wp-json\/wp\/v2\/pages"}],"about":[{"href":"https:\/\/www.laurenceesnolgallery.com\/en\/wp-json\/wp\/v2\/types\/page"}],"author":[{"embeddable":true,"href":"https:\/\/www.laurenceesnolgallery.com\/en\/wp-json\/wp\/v2\/users\/3"}],"replies":[{"embeddable":true,"href":"https:\/\/www.laurenceesnolgallery.com\/en\/wp-json\/wp\/v2\/comments?post=9296"}],"version-history":[{"count":1,"href":"https:\/\/www.laurenceesnolgallery.com\/en\/wp-json\/wp\/v2\/pages\/9296\/revisions"}],"predecessor-version":[{"id":9297,"href":"https:\/\/www.laurenceesnolgallery.com\/en\/wp-json\/wp\/v2\/pages\/9296\/revisions\/9297"}],"up":[{"embeddable":true,"href":"https:\/\/www.laurenceesnolgallery.com\/en\/wp-json\/wp\/v2\/pages\/9285"}],"wp:attachment":[{"href":"https:\/\/www.laurenceesnolgallery.com\/en\/wp-json\/wp\/v2\/media?parent=9296"}],"curies":[{"name":"wp","href":"https:\/\/api.w.org\/{rel}","templated":true}]}}